{"id":68045,"date":"2021-03-04T17:37:50","date_gmt":"2021-03-04T20:37:50","guid":{"rendered":"https:\/\/shopbrasil.vinyllandrecords.com\/?post_type=product&#038;p=68045"},"modified":"2021-03-04T17:37:50","modified_gmt":"2021-03-04T20:37:50","slug":"marcelo-callado-callado-compacto","status":"publish","type":"product","link":"https:\/\/shopbrasil.vinyllandrecords.com\/en\/produto\/marcelo-callado-callado-compacto\/","title":{"rendered":"Marcelo Callado &#8211; Callado Compacto"},"content":{"rendered":"","protected":false},"excerpt":{"rendered":"<p><iframe src=\"https:\/\/embed.spotify.com\/?uri=spotify%3Aalbum%3A73voDFGXG5meToU72xJ0xM\" width=\"300\" height=\"380\" frameborder=\"0\" allowtransparency=\"true\"><\/iframe><\/p>\n<p>1.<br \/>\nNova Surf 01:41<br \/>\n2.<br \/>\nLango-Lango 02:15<br \/>\n3.<br \/>\nMunheca 02:15<br \/>\n4.<br \/>\nPro Papai 02:57<br \/>\nabout<br \/>\nEntre 1996 e 2004 fiz parte de uma banda carioca chamada Carne de Segunda. Seguramente, foram os anos mais importantes de minha vida musical, pois, al\u00e9m de toda divers\u00e3o, foi nessa \u00e9poca que desenvolvi realmente meu gosto por tocar e ouvir todo tipo de m\u00fasica.<br \/>\nDesta \u00e9poca, datam tr\u00eas das quatro can\u00e7\u00f5es contidas neste \u201cCallado compacto\u201d (\u201cMunheca\u201d foi feita em 2006).<br \/>\nS\u00e3o can\u00e7\u00f5es instrumentais que compus, mas que acabaram ficando sem registro, deixando um enorme vazio em meu peito.<br \/>\nNo ano passado, quando a Audio Rebel fez um financiamento coletivo de sucesso pela Embolacha, vi que uma das recompensas eram horas de est\u00fadio. Resolvi investir e usar essas horas para finalmente gravar um compacto duplo em vinil com as quatro m\u00fasicas, resolvendo assim essa lacuna existencial que perdurava at\u00e9 ent\u00e3o.<br \/>\nChamei meu grande amigo Pedro S\u00e1 para me ajudar nessa empreitada, produzindo e tocando magistralmente guitarras e contrabaixos.<br \/>\nPara mixagem e masteriza\u00e7\u00e3o, foi convocado o \u201chermano\u201d Martin Scian.<br \/>\nDe lambuja (\u00f4 sorte!!) contei ainda com as preciosas participa\u00e7\u00f5es de dois grandes m\u00fasicos queridos: Alexandre Kassin, que assumiu o contrabaixo el\u00e9trico e os sintetizadores em \u201cLango-Lango\u201d, e Jo\u00e3o Erbetta, que se encarregou do lap steel na faixa \u201cPro papai\u201d.<br \/>\nAs quatro m\u00fasicas s\u00e3o guiadas sempre pela guitarra solo do Pedro e t\u00eam influ\u00eancia direta de artistas como The B52\u2019s, Autoramas, Matanza, The Ventures, The Shadows, Dick Dale, The Pop\u2019s, Bert Weedon, The Selecter, Earl Snead, Chet Atkins, Santo &#038; Johnny e Madness. <\/p>\n<p>O \u201cCallado compacto\u201d \u00e9 o primeiro lan\u00e7amento em vinil da Embolacha.<br \/>\ncredits<br \/>\nreleased September 1, 2016<\/p>\n","protected":false},"featured_media":68046,"template":"","meta":[],"product_brand":[],"product_cat":[107,111,93],"product_tag":[],"class_list":{"0":"post-68045","1":"product","2":"type-product","3":"status-publish","4":"has-post-thumbnail","6":"product_cat-garimpo","7":"product_cat-destaque","8":"product_cat-93","10":"first","11":"instock","12":"taxable","13":"shipping-taxable","14":"purchasable","15":"product-type-simple"},"yoast_head":"<!-- This site is optimized with the Yoast SEO plugin v27.4 - https:\/\/yoast.com\/product\/yoast-seo-wordpress\/ -->\n<title>Marcelo Callado - Callado Compacto - Vinyl Land Records<\/title>\n<meta name=\"robots\" content=\"index, follow, max-snippet:-1, max-image-preview:large, max-video-preview:-1\" \/>\n<link rel=\"canonical\" href=\"https:\/\/shopbrasil.vinyllandrecords.com\/produto\/marcelo-callado-callado-compacto\/\" \/>\n<meta property=\"og:locale\" content=\"en_US\" \/>\n<meta property=\"og:type\" content=\"article\" \/>\n<meta property=\"og:title\" content=\"Marcelo Callado - Callado Compacto - Vinyl Land Records\" \/>\n<meta property=\"og:description\" content=\"1. Nova Surf 01:41 2. Lango-Lango 02:15 3. Munheca 02:15 4. Pro Papai 02:57 about Entre 1996 e 2004 fiz parte de uma banda carioca chamada Carne de Segunda. Seguramente, foram os anos mais importantes de minha vida musical, pois, al\u00e9m de toda divers\u00e3o, foi nessa \u00e9poca que desenvolvi realmente meu gosto por tocar e ouvir todo tipo de m\u00fasica.  Desta \u00e9poca, datam tr\u00eas das quatro can\u00e7\u00f5es contidas neste \u201cCallado compacto\u201d (\u201cMunheca\u201d foi feita em 2006).  S\u00e3o can\u00e7\u00f5es instrumentais que compus, mas que acabaram ficando sem registro, deixando um enorme vazio em meu peito.  No ano passado, quando a Audio Rebel fez um financiamento coletivo de sucesso pela Embolacha, vi que uma das recompensas eram horas de est\u00fadio. Resolvi investir e usar essas horas para finalmente gravar um compacto duplo em vinil com as quatro m\u00fasicas, resolvendo assim essa lacuna existencial que perdurava at\u00e9 ent\u00e3o.  Chamei meu grande amigo Pedro S\u00e1 para me ajudar nessa empreitada, produzindo e tocando magistralmente guitarras e contrabaixos.  Para mixagem e masteriza\u00e7\u00e3o, foi convocado o \u201chermano\u201d Martin Scian.  De lambuja (\u00f4 sorte!!) contei ainda com as preciosas participa\u00e7\u00f5es de dois grandes m\u00fasicos queridos: Alexandre Kassin, que assumiu o contrabaixo el\u00e9trico e os sintetizadores em \u201cLango-Lango\u201d, e Jo\u00e3o Erbetta, que se encarregou do lap steel na faixa \u201cPro papai\u201d.  As quatro m\u00fasicas s\u00e3o guiadas sempre pela guitarra solo do Pedro e t\u00eam influ\u00eancia direta de artistas como The B52\u2019s, Autoramas, Matanza, The Ventures, The Shadows, Dick Dale, The Pop\u2019s, Bert Weedon, The Selecter, Earl Snead, Chet Atkins, Santo &amp; Johnny e Madness.   O \u201cCallado compacto\u201d \u00e9 o primeiro lan\u00e7amento em vinil da Embolacha.  credits released September 1, 2016\" \/>\n<meta property=\"og:url\" content=\"https:\/\/shopbrasil.vinyllandrecords.com\/produto\/marcelo-callado-callado-compacto\/\" \/>\n<meta property=\"og:site_name\" content=\"Vinyl Land Records\" \/>\n<meta property=\"og:image\" content=\"https:\/\/shopbrasil.vinyllandrecords.com\/wp-content\/uploads\/2021\/03\/callado-compacto.jpg\" \/>\n\t<meta property=\"og:image:width\" content=\"1200\" \/>\n\t<meta property=\"og:image:height\" content=\"1200\" \/>\n\t<meta property=\"og:image:type\" content=\"image\/jpeg\" \/>\n<meta name=\"twitter:card\" content=\"summary_large_image\" \/>\n<script type=\"application\/ld+json\" class=\"yoast-schema-graph\">{\"@context\":\"https:\\\/\\\/schema.org\",\"@graph\":[{\"@type\":\"WebPage\",\"@id\":\"https:\\\/\\\/shopbrasil.vinyllandrecords.com\\\/produto\\\/marcelo-callado-callado-compacto\\\/\",\"url\":\"https:\\\/\\\/shopbrasil.vinyllandrecords.com\\\/produto\\\/marcelo-callado-callado-compacto\\\/\",\"name\":\"Marcelo Callado - Callado Compacto - Vinyl Land Records\",\"isPartOf\":{\"@id\":\"https:\\\/\\\/shopbrasil.vinyllandrecords.com\\\/#website\"},\"primaryImageOfPage\":{\"@id\":\"https:\\\/\\\/shopbrasil.vinyllandrecords.com\\\/produto\\\/marcelo-callado-callado-compacto\\\/#primaryimage\"},\"image\":{\"@id\":\"https:\\\/\\\/shopbrasil.vinyllandrecords.com\\\/produto\\\/marcelo-callado-callado-compacto\\\/#primaryimage\"},\"thumbnailUrl\":\"https:\\\/\\\/shopbrasil.vinyllandrecords.com\\\/wp-content\\\/uploads\\\/2021\\\/03\\\/callado-compacto.jpg\",\"datePublished\":\"2021-03-04T20:37:50+00:00\",\"breadcrumb\":{\"@id\":\"https:\\\/\\\/shopbrasil.vinyllandrecords.com\\\/produto\\\/marcelo-callado-callado-compacto\\\/#breadcrumb\"},\"inLanguage\":\"en-US\",\"potentialAction\":[{\"@type\":\"ReadAction\",\"target\":[\"https:\\\/\\\/shopbrasil.vinyllandrecords.com\\\/produto\\\/marcelo-callado-callado-compacto\\\/\"]}]},{\"@type\":\"ImageObject\",\"inLanguage\":\"en-US\",\"@id\":\"https:\\\/\\\/shopbrasil.vinyllandrecords.com\\\/produto\\\/marcelo-callado-callado-compacto\\\/#primaryimage\",\"url\":\"https:\\\/\\\/shopbrasil.vinyllandrecords.com\\\/wp-content\\\/uploads\\\/2021\\\/03\\\/callado-compacto.jpg\",\"contentUrl\":\"https:\\\/\\\/shopbrasil.vinyllandrecords.com\\\/wp-content\\\/uploads\\\/2021\\\/03\\\/callado-compacto.jpg\",\"width\":1200,\"height\":1200},{\"@type\":\"BreadcrumbList\",\"@id\":\"https:\\\/\\\/shopbrasil.vinyllandrecords.com\\\/produto\\\/marcelo-callado-callado-compacto\\\/#breadcrumb\",\"itemListElement\":[{\"@type\":\"ListItem\",\"position\":1,\"name\":\"In\u00edcio\",\"item\":\"https:\\\/\\\/shopbrasil.vinyllandrecords.com\\\/\"},{\"@type\":\"ListItem\",\"position\":2,\"name\":\"Shops\",\"item\":\"https:\\\/\\\/shopbrasil.vinyllandrecords.com\\\/shops\\\/\"},{\"@type\":\"ListItem\",\"position\":3,\"name\":\"Marcelo Callado &#8211; Callado Compacto\"}]},{\"@type\":\"WebSite\",\"@id\":\"https:\\\/\\\/shopbrasil.vinyllandrecords.com\\\/#website\",\"url\":\"https:\\\/\\\/shopbrasil.vinyllandrecords.com\\\/\",\"name\":\"Vinyl Land Records\",\"description\":\"ONLINE SHOP\",\"potentialAction\":[{\"@type\":\"SearchAction\",\"target\":{\"@type\":\"EntryPoint\",\"urlTemplate\":\"https:\\\/\\\/shopbrasil.vinyllandrecords.com\\\/?s={search_term_string}\"},\"query-input\":{\"@type\":\"PropertyValueSpecification\",\"valueRequired\":true,\"valueName\":\"search_term_string\"}}],\"inLanguage\":\"en-US\"}]}<\/script>\n<!-- \/ Yoast SEO plugin. -->","yoast_head_json":{"title":"Marcelo Callado - Callado Compacto - Vinyl Land Records","robots":{"index":"index","follow":"follow","max-snippet":"max-snippet:-1","max-image-preview":"max-image-preview:large","max-video-preview":"max-video-preview:-1"},"canonical":"https:\/\/shopbrasil.vinyllandrecords.com\/produto\/marcelo-callado-callado-compacto\/","og_locale":"en_US","og_type":"article","og_title":"Marcelo Callado - Callado Compacto - Vinyl Land Records","og_description":"1. Nova Surf 01:41 2. Lango-Lango 02:15 3. Munheca 02:15 4. Pro Papai 02:57 about Entre 1996 e 2004 fiz parte de uma banda carioca chamada Carne de Segunda. Seguramente, foram os anos mais importantes de minha vida musical, pois, al\u00e9m de toda divers\u00e3o, foi nessa \u00e9poca que desenvolvi realmente meu gosto por tocar e ouvir todo tipo de m\u00fasica.  Desta \u00e9poca, datam tr\u00eas das quatro can\u00e7\u00f5es contidas neste \u201cCallado compacto\u201d (\u201cMunheca\u201d foi feita em 2006).  S\u00e3o can\u00e7\u00f5es instrumentais que compus, mas que acabaram ficando sem registro, deixando um enorme vazio em meu peito.  No ano passado, quando a Audio Rebel fez um financiamento coletivo de sucesso pela Embolacha, vi que uma das recompensas eram horas de est\u00fadio. Resolvi investir e usar essas horas para finalmente gravar um compacto duplo em vinil com as quatro m\u00fasicas, resolvendo assim essa lacuna existencial que perdurava at\u00e9 ent\u00e3o.  Chamei meu grande amigo Pedro S\u00e1 para me ajudar nessa empreitada, produzindo e tocando magistralmente guitarras e contrabaixos.  Para mixagem e masteriza\u00e7\u00e3o, foi convocado o \u201chermano\u201d Martin Scian.  De lambuja (\u00f4 sorte!!) contei ainda com as preciosas participa\u00e7\u00f5es de dois grandes m\u00fasicos queridos: Alexandre Kassin, que assumiu o contrabaixo el\u00e9trico e os sintetizadores em \u201cLango-Lango\u201d, e Jo\u00e3o Erbetta, que se encarregou do lap steel na faixa \u201cPro papai\u201d.  As quatro m\u00fasicas s\u00e3o guiadas sempre pela guitarra solo do Pedro e t\u00eam influ\u00eancia direta de artistas como The B52\u2019s, Autoramas, Matanza, The Ventures, The Shadows, Dick Dale, The Pop\u2019s, Bert Weedon, The Selecter, Earl Snead, Chet Atkins, Santo & Johnny e Madness.   O \u201cCallado compacto\u201d \u00e9 o primeiro lan\u00e7amento em vinil da Embolacha.  credits released September 1, 2016","og_url":"https:\/\/shopbrasil.vinyllandrecords.com\/produto\/marcelo-callado-callado-compacto\/","og_site_name":"Vinyl Land Records","og_image":[{"width":1200,"height":1200,"url":"https:\/\/shopbrasil.vinyllandrecords.com\/wp-content\/uploads\/2021\/03\/callado-compacto.jpg","type":"image\/jpeg"}],"twitter_card":"summary_large_image","schema":{"@context":"https:\/\/schema.org","@graph":[{"@type":"WebPage","@id":"https:\/\/shopbrasil.vinyllandrecords.com\/produto\/marcelo-callado-callado-compacto\/","url":"https:\/\/shopbrasil.vinyllandrecords.com\/produto\/marcelo-callado-callado-compacto\/","name":"Marcelo Callado - Callado Compacto - Vinyl Land Records","isPartOf":{"@id":"https:\/\/shopbrasil.vinyllandrecords.com\/#website"},"primaryImageOfPage":{"@id":"https:\/\/shopbrasil.vinyllandrecords.com\/produto\/marcelo-callado-callado-compacto\/#primaryimage"},"image":{"@id":"https:\/\/shopbrasil.vinyllandrecords.com\/produto\/marcelo-callado-callado-compacto\/#primaryimage"},"thumbnailUrl":"https:\/\/shopbrasil.vinyllandrecords.com\/wp-content\/uploads\/2021\/03\/callado-compacto.jpg","datePublished":"2021-03-04T20:37:50+00:00","breadcrumb":{"@id":"https:\/\/shopbrasil.vinyllandrecords.com\/produto\/marcelo-callado-callado-compacto\/#breadcrumb"},"inLanguage":"en-US","potentialAction":[{"@type":"ReadAction","target":["https:\/\/shopbrasil.vinyllandrecords.com\/produto\/marcelo-callado-callado-compacto\/"]}]},{"@type":"ImageObject","inLanguage":"en-US","@id":"https:\/\/shopbrasil.vinyllandrecords.com\/produto\/marcelo-callado-callado-compacto\/#primaryimage","url":"https:\/\/shopbrasil.vinyllandrecords.com\/wp-content\/uploads\/2021\/03\/callado-compacto.jpg","contentUrl":"https:\/\/shopbrasil.vinyllandrecords.com\/wp-content\/uploads\/2021\/03\/callado-compacto.jpg","width":1200,"height":1200},{"@type":"BreadcrumbList","@id":"https:\/\/shopbrasil.vinyllandrecords.com\/produto\/marcelo-callado-callado-compacto\/#breadcrumb","itemListElement":[{"@type":"ListItem","position":1,"name":"In\u00edcio","item":"https:\/\/shopbrasil.vinyllandrecords.com\/"},{"@type":"ListItem","position":2,"name":"Shops","item":"https:\/\/shopbrasil.vinyllandrecords.com\/shops\/"},{"@type":"ListItem","position":3,"name":"Marcelo Callado &#8211; Callado Compacto"}]},{"@type":"WebSite","@id":"https:\/\/shopbrasil.vinyllandrecords.com\/#website","url":"https:\/\/shopbrasil.vinyllandrecords.com\/","name":"Vinyl Land Records","description":"ONLINE SHOP","potentialAction":[{"@type":"SearchAction","target":{"@type":"EntryPoint","urlTemplate":"https:\/\/shopbrasil.vinyllandrecords.com\/?s={search_term_string}"},"query-input":{"@type":"PropertyValueSpecification","valueRequired":true,"valueName":"search_term_string"}}],"inLanguage":"en-US"}]}},"_links":{"self":[{"href":"https:\/\/shopbrasil.vinyllandrecords.com\/en\/wp-json\/wp\/v2\/product\/68045","targetHints":{"allow":["GET"]}}],"collection":[{"href":"https:\/\/shopbrasil.vinyllandrecords.com\/en\/wp-json\/wp\/v2\/product"}],"about":[{"href":"https:\/\/shopbrasil.vinyllandrecords.com\/en\/wp-json\/wp\/v2\/types\/product"}],"wp:featuredmedia":[{"embeddable":true,"href":"https:\/\/shopbrasil.vinyllandrecords.com\/en\/wp-json\/wp\/v2\/media\/68046"}],"wp:attachment":[{"href":"https:\/\/shopbrasil.vinyllandrecords.com\/en\/wp-json\/wp\/v2\/media?parent=68045"}],"wp:term":[{"taxonomy":"product_brand","embeddable":true,"href":"https:\/\/shopbrasil.vinyllandrecords.com\/en\/wp-json\/wp\/v2\/product_brand?post=68045"},{"taxonomy":"product_cat","embeddable":true,"href":"https:\/\/shopbrasil.vinyllandrecords.com\/en\/wp-json\/wp\/v2\/product_cat?post=68045"},{"taxonomy":"product_tag","embeddable":true,"href":"https:\/\/shopbrasil.vinyllandrecords.com\/en\/wp-json\/wp\/v2\/product_tag?post=68045"}],"curies":[{"name":"wp","href":"https:\/\/api.w.org\/{rel}","templated":true}]}}